{"id":14,"date":"2016-11-22T08:14:16","date_gmt":"2016-11-22T08:14:16","guid":{"rendered":"http:\/\/recycle.orionthemes.com\/demo-1\/?page_id=14"},"modified":"2022-06-15T16:00:27","modified_gmt":"2022-06-15T14:00:27","slug":"home","status":"publish","type":"page","link":"https:\/\/www.globalcompact-tunisia.org\/","title":{"rendered":"Home"},"content":{"rendered":"<div id=\"pl-14\"  class=\"panel-layout\" ><div id=\"pg-14-0\"  class=\"panel-grid panel-has-style\" ><div class=\"siteorigin-panels-stretch panel-row-style panel-row-style-for-14-0\" data-stretch-type=\"full-stretched\" ><div id=\"pgc-14-0-0\"  class=\"panel-grid-cell\" ><div id=\"panel-14-0-0-0\" class=\"so-panel widget widget_rev-slider-widget widget_revslider panel-first-child panel-last-child\" data-index=\"0\" ><\/div><\/div><\/div><\/div><div id=\"pg-14-1\"  class=\"panel-grid panel-no-style\" ><div id=\"pgc-14-1-0\"  class=\"panel-grid-cell\" ><div id=\"panel-14-1-0-0\" class=\"so-panel widget panel-first-child panel-last-child\" data-index=\"1\" ><\/div><\/div><\/div><div id=\"pg-14-2\"  class=\"panel-grid panel-has-style\" ><div class=\"siteorigin-panels-stretch panel-row-style panel-row-style-for-14-2\" data-stretch-type=\"full\" ><div id=\"pgc-14-2-0\"  class=\"panel-grid-cell\" ><div class=\"primary-color-bg panel-cell-style panel-cell-style-for-14-2-0\" ><div id=\"panel-14-2-0-0\" class=\"so-panel widget panel-first-child panel-last-child\" data-index=\"2\" ><\/div><\/div><\/div><div id=\"pgc-14-2-1\"  class=\"panel-grid-cell\" ><div class=\"panel-cell-style panel-cell-style-for-14-2-1\" ><div id=\"panel-14-2-1-0\" class=\"so-panel widget panel-first-child panel-last-child\" data-index=\"3\" ><\/div><\/div><\/div><div id=\"pgc-14-2-2\"  class=\"panel-grid-cell\" ><div class=\"panel-cell-style panel-cell-style-for-14-2-2\" ><div id=\"panel-14-2-2-0\" class=\"so-panel widget panel-first-child panel-last-child\" data-index=\"4\" ><\/div><\/div><\/div><div id=\"pgc-14-2-3\"  class=\"panel-grid-cell\" ><div class=\"panel-cell-style panel-cell-style-for-14-2-3\" ><div id=\"panel-14-2-3-0\" class=\"so-panel widget panel-first-child panel-last-child\" data-index=\"5\" ><\/div><\/div><\/div><\/div><\/div><div id=\"pg-14-3\"  class=\"panel-grid panel-has-style\" ><div id=\"about\" class=\"panel-row-style panel-row-style-for-14-3\" ><div id=\"pgc-14-3-0\"  class=\"panel-grid-cell\" ><div id=\"panel-14-3-0-0\" class=\"so-panel widget panel-first-child\" data-index=\"6\" ><\/div><div id=\"panel-14-3-0-1\" class=\"so-panel widget widget_sow-editor\" data-index=\"7\" ><div class=\"panel-widget-style panel-widget-style-for-14-3-0-1\" ><div\n\t\t\t\n\t\t\tclass=\"so-widget-sow-editor so-widget-sow-editor-base\"\n\t\t\t\n\t\t>\n<div class=\"siteorigin-widget-tinymce textwidget\">\n\t<p>Le R\u00e9seau Pacte Mondial Tunisie, en anglais Global Compact Network Tunisia, r\u00e9unit les entreprises et autres organismes adh\u00e9rents du Pacte Mondial des Nations Unies et r\u00e9sidents en Tunisie.<\/p>\n<p>H\u00e9berg\u00e9 par L\u2019I.R.S.E.T. (l\u2019Institut de la Responsabilit\u00e9 Soci\u00e9tale des Entreprises en Tunisie), il offre \u00e0 ses membres un cadre d'engagement volontaire construit sur la base de dix principes \u00e0 respecter en mati\u00e8re de droits humains, de normes internationales du travail, de protection de l\u2019environnement et de lutte contre la corruption.<\/p>\n<p>Mandat\u00e9 par l\u2019Organisation des Nations Unies, le R\u00e9seau Pacte Mondial Tunisie est \u00e9galement r\u00e9f\u00e9rent pour l\u2019appropriation des Objectifs de D\u00e9veloppement Durable par le monde \u00e9conomique en Tunisie.<\/p>\n<\/div>\n<\/div><\/div><\/div><div id=\"panel-14-3-0-2\" class=\"so-panel widget panel-last-child\" data-index=\"8\" ><\/div><\/div><div id=\"pgc-14-3-1\"  class=\"panel-grid-cell\" ><div id=\"panel-14-3-1-0\" class=\"so-panel widget panel-first-child panel-last-child\" data-index=\"9\" ><\/div><\/div><\/div><\/div><div id=\"pg-14-4\"  class=\"panel-grid panel-has-style\" ><div class=\"so-parallax siteorigin-panels-stretch panel-row-style panel-row-style-for-14-4\" data-stretch-type=\"full\" ><img fetchpriority=\"high\" decoding=\"async\" width=\"1920\" height=\"1200\" src=\"https:\/\/www.globalcompact-tunisia.org\/wp-content\/uploads\/2020\/08\/2020-Hero-04.jpg\" class=\"attachment-full size-full\" alt=\"\" data-siteorigin-parallax=\"true\" loading=\"eager\" srcset=\"https:\/\/www.globalcompact-tunisia.org\/wp-content\/uploads\/2020\/08\/2020-Hero-04.jpg 1920w, https:\/\/www.globalcompact-tunisia.org\/wp-content\/uploads\/2020\/08\/2020-Hero-04-300x188.jpg 300w, https:\/\/www.globalcompact-tunisia.org\/wp-content\/uploads\/2020\/08\/2020-Hero-04-768x480.jpg 768w, https:\/\/www.globalcompact-tunisia.org\/wp-content\/uploads\/2020\/08\/2020-Hero-04-1024x640.jpg 1024w, https:\/\/www.globalcompact-tunisia.org\/wp-content\/uploads\/2020\/08\/2020-Hero-04-750x469.jpg 750w\" sizes=\"(max-width: 1920px) 100vw, 1920px\" \/><div id=\"pgc-14-4-0\"  class=\"panel-grid-cell\" ><div id=\"panel-14-4-0-0\" class=\"so-panel widget panel-first-child panel-last-child\" data-index=\"10\" ><div class=\"panel-widget-style panel-widget-style-for-14-4-0-0\" ><\/div><\/div><\/div><div id=\"pgc-14-4-1\"  class=\"panel-grid-cell\" ><div id=\"panel-14-4-1-0\" class=\"so-panel widget panel-first-child panel-last-child\" data-index=\"11\" ><div class=\"panel-widget-style panel-widget-style-for-14-4-1-0\" ><\/div><\/div><\/div><div id=\"pgc-14-4-2\"  class=\"panel-grid-cell\" ><div id=\"panel-14-4-2-0\" class=\"so-panel widget panel-first-child panel-last-child\" data-index=\"12\" ><div class=\"panel-widget-style panel-widget-style-for-14-4-2-0\" ><\/div><\/div><\/div><div id=\"pgc-14-4-3\"  class=\"panel-grid-cell\" ><div id=\"panel-14-4-3-0\" class=\"so-panel widget panel-first-child panel-last-child\" data-index=\"13\" ><div class=\"panel-widget-style panel-widget-style-for-14-4-3-0\" ><\/div><\/div><\/div><\/div><\/div><div id=\"pg-14-5\"  class=\"panel-grid panel-has-style\" ><div class=\"siteorigin-panels-stretch panel-row-style panel-row-style-for-14-5\" data-stretch-type=\"full\" ><div id=\"pgc-14-5-0\"  class=\"panel-grid-cell\" ><div id=\"panel-14-5-0-0\" class=\"so-panel widget panel-first-child\" data-index=\"14\" ><\/div><div id=\"panel-14-5-0-1\" class=\"so-panel widget widget_sow-post-carousel panel-last-child\" data-index=\"15\" ><div\n\t\t\t\n\t\t\tclass=\"so-widget-sow-post-carousel so-widget-sow-post-carousel-base-ad93eedad001-14\"\n\t\t\t\n\t\t>\t<div\n\t\tclass=\"sow-post-carousel-wrapper sow-post-carousel-theme-base\"\n\t\tstyle=\"overflow: hidden; max-width: 100%; min-height: 182px\"\n\t>\n\t\t<div class=\"sow-carousel-title\">\n\t\t\t<div class=\"sow-carousel-navigation \">\n\t\t\t\t\t\t<a href=\"#\" class=\"sow-carousel-next\" title=\"Suivant\" aria-label=\"Next Posts\" role=\"button\"><\/a>\n\t\t\t\t\t\t<a href=\"#\" class=\"sow-carousel-previous\" title=\"Pr\u00e9c\u00e9dent\" aria-label=\"Previous Posts\" role=\"button\"><\/a>\n\t\t\t\t\t<\/div>\n\t<\/div>\n\n<div class=\"sow-carousel-container \">\n\t\t<div class=\"sow-carousel-wrapper\"\n\t\tdata-dir=\"ltr\"\n\t\tstyle=\"opacity: 0;\"\n\t\tdata-widget=\"post\" data-fetching=\"false\" data-page=\"1\" data-ajax-url=\"https:\/\/www.globalcompact-tunisia.org\/wp-admin\/admin-ajax.php?_widgets_nonce=69ad1af6ed\" data-item_count=\"13\" data-carousel_settings=\"{&quot;loop&quot;:true,&quot;animation&quot;:&quot;Ease&quot;,&quot;animation_speed&quot;:400,&quot;autoplay&quot;:&quot;&quot;,&quot;pauseOnHover&quot;:&quot;&quot;,&quot;autoplaySpeed&quot;:8000,&quot;item_overflow&quot;:true,&quot;autoplay_continuous_scroll&quot;:false}\" data-responsive=\"{&quot;desktop_slides_to_scroll&quot;:1,&quot;tablet_landscape_breakpoint&quot;:1366,&quot;tablet_landscape_slides_to_scroll&quot;:2,&quot;tablet_portrait_breakpoint&quot;:1025,&quot;tablet_portrait_slides_to_scroll&quot;:2,&quot;mobile_breakpoint&quot;:480,&quot;mobile_slides_to_scroll&quot;:1}\" data-variable_width=\"true\" \t>\n\t\t<div\n\t\t\tclass=\"sow-carousel-items\"\n\t\t\t\t\t>\n\t\t\t\t<div class=\"sow-carousel-item\" tabindex=\"-1\" style=\"float: left;\">\n\t\t<div class=\"sow-carousel-thumbnail\">\n\t\t\t\t\t\t\t<a\n\t\t\t\t\thref=\"https:\/\/www.globalcompact-tunisia.org\/index.php\/2023\/03\/08\/signature-dune-convention-de-partenariat-entre-le-reseau-pacte-mondial-tunisie-et-lagence-fonciere-industrielle\/\"\n\t\t\t\t\t\t\t\t\t\tstyle=\"background-image: url( https:\/\/www.globalcompact-tunisia.org\/wp-content\/uploads\/2023\/03\/332894600_155389027371004_373970339448944838_n-272x182.jpg )\"\n\t\t\t\t\taria-labelledby=\"sow-carousel-id-9660\"\n\t\t\t\t\ttabindex=\"-1\"\n\t\t\t\t>\n\t\t\t\t\t<span class=\"overlay\"><\/span>\n\t\t\t\t<\/a>\n\t\t\t\t\t<\/div>\n\t\t<h3 class=\"sow-carousel-item-title\">\n\t\t\t<a\n\t\t\t\thref=\"https:\/\/www.globalcompact-tunisia.org\/index.php\/2023\/03\/08\/signature-dune-convention-de-partenariat-entre-le-reseau-pacte-mondial-tunisie-et-lagence-fonciere-industrielle\/\"\n\t\t\t\tid=\"sow-carousel-id-9660\"\n\t\t\t\t\t\t\t\ttabindex=\"-1\"\n\t\t\t>\n\n\t\t\t\tSignature d&rsquo;une convention de partenariat entre le r\u00e9seau Pacte Mondial Tunisie et l&rsquo;Agence Fonci\u00e8re Industrielle.\t\t\t<\/a>\n\t\t<\/h3>\n\t<\/div>\n\t<div class=\"sow-carousel-item\" tabindex=\"-1\" style=\"float: left;\">\n\t\t<div class=\"sow-carousel-thumbnail\">\n\t\t\t\t\t\t\t<a\n\t\t\t\t\thref=\"https:\/\/www.globalcompact-tunisia.org\/index.php\/2022\/11\/04\/session-building-resilience-and-access-to-renewable-energy-ressources-le-10-novembre-2022\/\"\n\t\t\t\t\t\t\t\t\t\tstyle=\"background-image: url( https:\/\/www.globalcompact-tunisia.org\/wp-content\/uploads\/2022\/11\/Session-FETHI-HANCHI-272x182.png )\"\n\t\t\t\t\taria-labelledby=\"sow-carousel-id-8927\"\n\t\t\t\t\ttabindex=\"-1\"\n\t\t\t\t>\n\t\t\t\t\t<span class=\"overlay\"><\/span>\n\t\t\t\t<\/a>\n\t\t\t\t\t<\/div>\n\t\t<h3 class=\"sow-carousel-item-title\">\n\t\t\t<a\n\t\t\t\thref=\"https:\/\/www.globalcompact-tunisia.org\/index.php\/2022\/11\/04\/session-building-resilience-and-access-to-renewable-energy-ressources-le-10-novembre-2022\/\"\n\t\t\t\tid=\"sow-carousel-id-8927\"\n\t\t\t\t\t\t\t\ttabindex=\"-1\"\n\t\t\t>\n\n\t\t\t\tSession Building Resilience and Access to Renewable Energy Ressources\u00a0\u00bb le 10 Novembre 2022\t\t\t<\/a>\n\t\t<\/h3>\n\t<\/div>\n\t<div class=\"sow-carousel-item\" tabindex=\"-1\" style=\"float: left;\">\n\t\t<div class=\"sow-carousel-thumbnail\">\n\t\t\t\t\t\t\t<a\n\t\t\t\t\thref=\"https:\/\/www.globalcompact-tunisia.org\/index.php\/2022\/09\/15\/le-forum-international-sur-les-experiences-des-dirigeants-arabes-des-nations-unies-et-dans-les-instances-internationales-en-matiere-de-participation-aux-efforts-de-soutien-pour-atteindre-les-objectifs\/\"\n\t\t\t\t\t\t\t\t\t\tstyle=\"background-image: url( https:\/\/www.globalcompact-tunisia.org\/wp-content\/uploads\/2022\/09\/\u0633\u0639\u0627\u062f\u0629-\u0627\u0644\u0633\u064a\u062f-\u0633\u0627\u0645\u064a-\u0627\u0644\u0645\u0631\u0648\u0643\u064a_page-0001-272x182.jpg )\"\n\t\t\t\t\taria-labelledby=\"sow-carousel-id-8411\"\n\t\t\t\t\ttabindex=\"-1\"\n\t\t\t\t>\n\t\t\t\t\t<span class=\"overlay\"><\/span>\n\t\t\t\t<\/a>\n\t\t\t\t\t<\/div>\n\t\t<h3 class=\"sow-carousel-item-title\">\n\t\t\t<a\n\t\t\t\thref=\"https:\/\/www.globalcompact-tunisia.org\/index.php\/2022\/09\/15\/le-forum-international-sur-les-experiences-des-dirigeants-arabes-des-nations-unies-et-dans-les-instances-internationales-en-matiere-de-participation-aux-efforts-de-soutien-pour-atteindre-les-objectifs\/\"\n\t\t\t\tid=\"sow-carousel-id-8411\"\n\t\t\t\t\t\t\t\ttabindex=\"-1\"\n\t\t\t>\n\n\t\t\t\tLe forum international sur les exp\u00e9riences des dirigeants arabes des Nations Unies et dans les instances internationales en mati\u00e8re de participation aux efforts de soutien pour atteindre les Objectifs de D\u00e9veloppement Durable\t\t\t<\/a>\n\t\t<\/h3>\n\t<\/div>\n\t<div class=\"sow-carousel-item\" tabindex=\"-1\" style=\"float: left;\">\n\t\t<div class=\"sow-carousel-thumbnail\">\n\t\t\t\t\t\t\t<a\n\t\t\t\t\thref=\"https:\/\/www.globalcompact-tunisia.org\/index.php\/2022\/08\/23\/untinig-business-live-19_21-septembre-2022\/\"\n\t\t\t\t\t\t\t\t\t\tstyle=\"background-image: url( https:\/\/www.globalcompact-tunisia.org\/wp-content\/uploads\/2022\/08\/2022_UBL_-_general_card-simple-272x182.png )\"\n\t\t\t\t\taria-labelledby=\"sow-carousel-id-7930\"\n\t\t\t\t\ttabindex=\"-1\"\n\t\t\t\t>\n\t\t\t\t\t<span class=\"overlay\"><\/span>\n\t\t\t\t<\/a>\n\t\t\t\t\t<\/div>\n\t\t<h3 class=\"sow-carousel-item-title\">\n\t\t\t<a\n\t\t\t\thref=\"https:\/\/www.globalcompact-tunisia.org\/index.php\/2022\/08\/23\/untinig-business-live-19_21-septembre-2022\/\"\n\t\t\t\tid=\"sow-carousel-id-7930\"\n\t\t\t\t\t\t\t\ttabindex=\"-1\"\n\t\t\t>\n\n\t\t\t\tUntinig Business Live 19_21 septembre 2022\t\t\t<\/a>\n\t\t<\/h3>\n\t<\/div>\n\t<div class=\"sow-carousel-item\" tabindex=\"-1\" style=\"float: left;\">\n\t\t<div class=\"sow-carousel-thumbnail\">\n\t\t\t\t\t\t\t<a\n\t\t\t\t\thref=\"https:\/\/www.globalcompact-tunisia.org\/index.php\/2022\/05\/31\/1er-forum-du-reseau-pacte-mondial-tunisie-9-juin-2022\/\"\n\t\t\t\t\t\t\t\t\t\tstyle=\"background-image: url( https:\/\/www.globalcompact-tunisia.org\/wp-content\/uploads\/2022\/05\/AFFICHE-FORUM-PACTE-MONDIAL-272x182.jpg )\"\n\t\t\t\t\taria-labelledby=\"sow-carousel-id-3722\"\n\t\t\t\t\ttabindex=\"-1\"\n\t\t\t\t>\n\t\t\t\t\t<span class=\"overlay\"><\/span>\n\t\t\t\t<\/a>\n\t\t\t\t\t<\/div>\n\t\t<h3 class=\"sow-carousel-item-title\">\n\t\t\t<a\n\t\t\t\thref=\"https:\/\/www.globalcompact-tunisia.org\/index.php\/2022\/05\/31\/1er-forum-du-reseau-pacte-mondial-tunisie-9-juin-2022\/\"\n\t\t\t\tid=\"sow-carousel-id-3722\"\n\t\t\t\t\t\t\t\ttabindex=\"-1\"\n\t\t\t>\n\n\t\t\t\t1er forum du r\u00e9seau Pacte Mondial Tunisie \u2013 9 juin 2022\t\t\t<\/a>\n\t\t<\/h3>\n\t<\/div>\n\t<div class=\"sow-carousel-item\" tabindex=\"-1\" style=\"float: left;\">\n\t\t<div class=\"sow-carousel-thumbnail\">\n\t\t\t\t\t\t\t<a\n\t\t\t\t\thref=\"https:\/\/www.globalcompact-tunisia.org\/index.php\/2022\/05\/13\/un-global-compact-leaders-summit-2022\/\"\n\t\t\t\t\t\t\t\t\t\tstyle=\"background-image: url( https:\/\/www.globalcompact-tunisia.org\/wp-content\/uploads\/2021\/06\/UNGC-LeadersSummit-Intro-SoMe-MAR2022-V3-02_2-272x182.png )\"\n\t\t\t\t\taria-labelledby=\"sow-carousel-id-3453\"\n\t\t\t\t\ttabindex=\"-1\"\n\t\t\t\t>\n\t\t\t\t\t<span class=\"overlay\"><\/span>\n\t\t\t\t<\/a>\n\t\t\t\t\t<\/div>\n\t\t<h3 class=\"sow-carousel-item-title\">\n\t\t\t<a\n\t\t\t\thref=\"https:\/\/www.globalcompact-tunisia.org\/index.php\/2022\/05\/13\/un-global-compact-leaders-summit-2022\/\"\n\t\t\t\tid=\"sow-carousel-id-3453\"\n\t\t\t\t\t\t\t\ttabindex=\"-1\"\n\t\t\t>\n\n\t\t\t\tUN Global Compact Leaders Summit 2022\t\t\t<\/a>\n\t\t<\/h3>\n\t<\/div>\n\t<div class=\"sow-carousel-item\" tabindex=\"-1\" style=\"float: left;\">\n\t\t<div class=\"sow-carousel-thumbnail\">\n\t\t\t\t\t\t\t<a\n\t\t\t\t\thref=\"https:\/\/www.globalcompact-tunisia.org\/index.php\/2022\/03\/24\/participation-du-reseau-pacte-mondial-tunisie-dans-le-tournoi-first-card-cup-pour-sensibiliser-les-jeunes-aux-objectifs-de-developpement-durables\/\"\n\t\t\t\t\t\t\t\t\t\tstyle=\"background-image: url( https:\/\/www.globalcompact-tunisia.org\/wp-content\/uploads\/2022\/03\/276207872_356913066355611_8039015051943396470_n-272x182.jpg )\"\n\t\t\t\t\taria-labelledby=\"sow-carousel-id-3252\"\n\t\t\t\t\ttabindex=\"-1\"\n\t\t\t\t>\n\t\t\t\t\t<span class=\"overlay\"><\/span>\n\t\t\t\t<\/a>\n\t\t\t\t\t<\/div>\n\t\t<h3 class=\"sow-carousel-item-title\">\n\t\t\t<a\n\t\t\t\thref=\"https:\/\/www.globalcompact-tunisia.org\/index.php\/2022\/03\/24\/participation-du-reseau-pacte-mondial-tunisie-dans-le-tournoi-first-card-cup-pour-sensibiliser-les-jeunes-aux-objectifs-de-developpement-durables\/\"\n\t\t\t\tid=\"sow-carousel-id-3252\"\n\t\t\t\t\t\t\t\ttabindex=\"-1\"\n\t\t\t>\n\n\t\t\t\tParticipation du r\u00e9seau Pacte Mondial Tunisie dans le tournoi \u00ab\u00a0FIRST CARD CUP\u00a0\u00bb pour sensibiliser les jeunes aux Objectifs de D\u00e9veloppement Durables\t\t\t<\/a>\n\t\t<\/h3>\n\t<\/div>\n\t<div class=\"sow-carousel-item\" tabindex=\"-1\" style=\"float: left;\">\n\t\t<div class=\"sow-carousel-thumbnail\">\n\t\t\t\t\t\t\t<a\n\t\t\t\t\thref=\"https:\/\/www.globalcompact-tunisia.org\/index.php\/2022\/02\/02\/lettre-de-la-directrice-executive-du-reseau-pacte-mondial-tunisie\/\"\n\t\t\t\t\t\t\t\t\t\tstyle=\"background-image: url( https:\/\/www.globalcompact-tunisia.org\/wp-content\/uploads\/2022\/02\/Diapositive2-272x182.png )\"\n\t\t\t\t\taria-labelledby=\"sow-carousel-id-3172\"\n\t\t\t\t\ttabindex=\"-1\"\n\t\t\t\t>\n\t\t\t\t\t<span class=\"overlay\"><\/span>\n\t\t\t\t<\/a>\n\t\t\t\t\t<\/div>\n\t\t<h3 class=\"sow-carousel-item-title\">\n\t\t\t<a\n\t\t\t\thref=\"https:\/\/www.globalcompact-tunisia.org\/index.php\/2022\/02\/02\/lettre-de-la-directrice-executive-du-reseau-pacte-mondial-tunisie\/\"\n\t\t\t\tid=\"sow-carousel-id-3172\"\n\t\t\t\t\t\t\t\ttabindex=\"-1\"\n\t\t\t>\n\n\t\t\t\tLettre de la Directrice Ex\u00e9cutive du R\u00e9seau Pacte Mondial Tunisie\t\t\t<\/a>\n\t\t<\/h3>\n\t<\/div>\n\t<div class=\"sow-carousel-item\" tabindex=\"-1\" style=\"float: left;\">\n\t\t<div class=\"sow-carousel-thumbnail\">\n\t\t\t\t\t\t\t<a\n\t\t\t\t\thref=\"https:\/\/www.globalcompact-tunisia.org\/index.php\/2022\/01\/26\/lettre-aux-parties-prenantes-du-pacte-mondial-des-nations-unies-de-sanda-ojiambo-pdg-et-directrice-executive-pacte-mondial-des-nations-unies\/\"\n\t\t\t\t\t\t\t\t\t\tstyle=\"background-image: url( https:\/\/www.globalcompact-tunisia.org\/wp-content\/uploads\/2022\/01\/ThoughtleaderandheadofCorporateResponsibilityforSafaricom-SandaOjiambosharesinsightsonhowtodisrupttechnologyforyourconsumerswhileprovidingthemwithaservicetheyrepayingfor_-272x182.jpg )\"\n\t\t\t\t\taria-labelledby=\"sow-carousel-id-3156\"\n\t\t\t\t\ttabindex=\"-1\"\n\t\t\t\t>\n\t\t\t\t\t<span class=\"overlay\"><\/span>\n\t\t\t\t<\/a>\n\t\t\t\t\t<\/div>\n\t\t<h3 class=\"sow-carousel-item-title\">\n\t\t\t<a\n\t\t\t\thref=\"https:\/\/www.globalcompact-tunisia.org\/index.php\/2022\/01\/26\/lettre-aux-parties-prenantes-du-pacte-mondial-des-nations-unies-de-sanda-ojiambo-pdg-et-directrice-executive-pacte-mondial-des-nations-unies\/\"\n\t\t\t\tid=\"sow-carousel-id-3156\"\n\t\t\t\t\t\t\t\ttabindex=\"-1\"\n\t\t\t>\n\n\t\t\t\tLettre aux parties prenantes du Pacte Mondial des Nations Unies de Sanda Ojiambo, PDG et Directrice Ex\u00e9cutive, Pacte Mondial des Nations Unies\t\t\t<\/a>\n\t\t<\/h3>\n\t<\/div>\n\t<div class=\"sow-carousel-item\" tabindex=\"-1\" style=\"float: left;\">\n\t\t<div class=\"sow-carousel-thumbnail\">\n\t\t\t\t\t\t\t<a\n\t\t\t\t\thref=\"https:\/\/www.globalcompact-tunisia.org\/index.php\/2022\/01\/19\/intervention-de-mr-sami-marrouki-president-du-reseau-pacte-mondial-des-nations-unies-en-tunisie-a-loccasion-de-la-signature-dune-convention-de-partenariat-avec-la-bna-bank-ayant-po\/\"\n\t\t\t\t\tclass=\"sow-carousel-default-thumbnail\"\n\t\t\t\t\t\t\t\t\t\t\t\t\t\t\taria-labelledby=\"sow-carousel-id-3145\"\n\t\t\t\t\ttabindex=\"-1\"\n\t\t\t\t>\n\t\t\t\t\t<span class=\"overlay\"><\/span>\n\t\t\t\t<\/a>\n\t\t\t\t\t<\/div>\n\t\t<h3 class=\"sow-carousel-item-title\">\n\t\t\t<a\n\t\t\t\thref=\"https:\/\/www.globalcompact-tunisia.org\/index.php\/2022\/01\/19\/intervention-de-mr-sami-marrouki-president-du-reseau-pacte-mondial-des-nations-unies-en-tunisie-a-loccasion-de-la-signature-dune-convention-de-partenariat-avec-la-bna-bank-ayant-po\/\"\n\t\t\t\tid=\"sow-carousel-id-3145\"\n\t\t\t\t\t\t\t\ttabindex=\"-1\"\n\t\t\t>\n\n\t\t\t\tIntervention de Mr Sami Marrouki, pr\u00e9sident du R\u00e9seau Pacte Mondial des Nations Unies en Tunisie, \u00e0 l\u2019occasion de la signature d\u2019une convention de partenariat avec la BNA BANK ayant pour objet la cr\u00e9ation des clubs ODD au sein des \u00e9tablissements scolaires\t\t\t<\/a>\n\t\t<\/h3>\n\t<\/div>\n\t\t<\/div>\n\t\t\t<\/div>\n\n\t<\/div>\n\t\t<input type=\"hidden\" name=\"instance_hash\" value=\"ccfca081\"\/>\n\t<\/div>\n<\/div><\/div><\/div><\/div><\/div><div id=\"pg-14-6\"  class=\"panel-grid panel-has-style\" ><div class=\"orion-collapse-right-top siteorigin-panels-stretch panel-row-style panel-row-style-for-14-6\" id=\"contact-us\" data-stretch-type=\"full\" ><div id=\"pgc-14-6-0\"  class=\"panel-grid-cell\" ><div class=\"panel-cell-style panel-cell-style-for-14-6-0\" ><div id=\"panel-14-6-0-0\" class=\"so-panel widget panel-first-child\" data-index=\"16\" ><div class=\"panel-widget-style panel-widget-style-for-14-6-0-0\" ><\/div><\/div><div id=\"panel-14-6-0-1\" class=\"so-panel widget panel-last-child\" data-index=\"17\" ><div class=\"panel-widget-style panel-widget-style-for-14-6-0-1\" ><\/div><\/div><\/div><\/div><div id=\"pgc-14-6-1\"  class=\"panel-grid-cell\" ><div class=\"panel-cell-style panel-cell-style-for-14-6-1\" ><div id=\"panel-14-6-1-0\" class=\"widget_text so-panel widget widget_custom_html panel-first-child panel-last-child\" data-index=\"18\" ><div class=\"textwidget custom-html-widget\">\n<!-- Custom Twitter Feeds by Smash Balloon -->\n<div id=\"ctf\" class=\" ctf ctf-type-usertimeline ctf-rebranded ctf-feed-905841628  ctf-styles ctf-list ctf-regular-style\"   data-ctfshortcode=\"{&quot;num&quot;:&quot;4&quot;}\"   data-ctfdisablelinks=\"false\" data-ctflinktextcolor=\"#\" data-header-size=\"small\" data-feedid=\"905841628\" data-postid=\"\"  data-ctfintents=\"1\"  data-ctfneeded=\"4\">\n            <div id=\"ctf\" class=\"ctf\">\n            <div class=\"ctf-error\">\n                <div class=\"ctf-error-user\">\n\t\t\t\t\tLe flux Twitter n\u2019est pas disponible pour le moment.                <\/div>\n            <\/div>\n        <\/div>\n\t\t    <div class=\"ctf-tweets\">\n   \t\t    <\/div>\n    \n<\/div>\n<\/div><\/div><\/div><\/div><\/div><\/div><\/div>","protected":false},"excerpt":{"rendered":"<p>Le R\u00e9seau Pacte Mondial Tunisie, en anglais Global Compact Network Tunisia, r\u00e9unit les entreprises et autres organismes adh\u00e9rents du Pacte Mondial des Nations Unies et r\u00e9sidents en Tunisie. H\u00e9berg\u00e9 par L\u2019I.R.S.E.T. (l\u2019Institut de la Responsabilit\u00e9 Soci\u00e9tale des Entreprises en Tunisie), il offre \u00e0 ses membres un cadre d&rsquo;engagement volontaire construit sur la base de dix [&hellip;]<\/p>\n","protected":false},"author":1,"featured_media":0,"parent":0,"menu_order":0,"comment_status":"closed","ping_status":"closed","template":"home-panels.php","meta":{"_price":"","_stock":"","_tribe_ticket_header":"","_tribe_default_ticket_provider":"","_tribe_ticket_capacity":"0","_ticket_start_date":"","_ticket_end_date":"","_tribe_ticket_show_description":"","_tribe_ticket_show_not_going":false,"_tribe_ticket_use_global_stock":"","_tribe_ticket_global_stock_level":"","_global_stock_mode":"","_global_stock_cap":"","_tribe_rsvp_for_event":"","_tribe_ticket_going_count":"","_tribe_ticket_not_going_count":"","_tribe_tickets_list":[],"_tribe_ticket_has_attendee_info_fields":false,"footnotes":""},"class_list":["post-14","page","type-page","status-publish","hentry","post"],"ticketed":false,"_links":{"self":[{"href":"https:\/\/www.globalcompact-tunisia.org\/index.php\/wp-json\/wp\/v2\/pages\/14","targetHints":{"allow":["GET"]}}],"collection":[{"href":"https:\/\/www.globalcompact-tunisia.org\/index.php\/wp-json\/wp\/v2\/pages"}],"about":[{"href":"https:\/\/www.globalcompact-tunisia.org\/index.php\/wp-json\/wp\/v2\/types\/page"}],"author":[{"embeddable":true,"href":"https:\/\/www.globalcompact-tunisia.org\/index.php\/wp-json\/wp\/v2\/users\/1"}],"replies":[{"embeddable":true,"href":"https:\/\/www.globalcompact-tunisia.org\/index.php\/wp-json\/wp\/v2\/comments?post=14"}],"version-history":[{"count":127,"href":"https:\/\/www.globalcompact-tunisia.org\/index.php\/wp-json\/wp\/v2\/pages\/14\/revisions"}],"predecessor-version":[{"id":4143,"href":"https:\/\/www.globalcompact-tunisia.org\/index.php\/wp-json\/wp\/v2\/pages\/14\/revisions\/4143"}],"wp:attachment":[{"href":"https:\/\/www.globalcompact-tunisia.org\/index.php\/wp-json\/wp\/v2\/media?parent=14"}],"curies":[{"name":"wp","href":"https:\/\/api.w.org\/{rel}","templated":true}]}}