{"id":2287,"date":"2021-05-17T01:03:30","date_gmt":"2021-05-16T23:03:30","guid":{"rendered":"http:\/\/www.globalcompact-tunisia.org\/test1\/?page_id=2287"},"modified":"2021-05-17T01:29:44","modified_gmt":"2021-05-16T23:29:44","slug":"evenements","status":"publish","type":"page","link":"https:\/\/www.globalcompact-tunisia.org\/index.php\/evenements\/","title":{"rendered":"Evenements"},"content":{"rendered":"<div id=\"pl-2287\"  class=\"panel-layout\" ><div id=\"pg-2287-0\"  class=\"panel-grid panel-no-style\" ><div id=\"pgc-2287-0-0\"  class=\"panel-grid-cell\" ><div id=\"panel-2287-0-0-0\" class=\"so-panel widget widget_text panel-first-child panel-last-child\" data-index=\"0\" ><div class=\"panel-widget-style panel-widget-style-for-2287-0-0-0\" >\t\t\t<div class=\"textwidget\"><div id=\"ect-no-events\"><p>There are no upcoming events at this time<\/p><\/div>\n<!=========Events list Template 2.4.4=========><div id=\"ect-events-list-content\"><div id=\"list-wrp\" class=\"ect-list-wrapper all\"><div id=\"event-9484\" class=\"ect-list-post style-1 ect-simple-event past\"><div class=\"ect-list-post-left \">\n\t\t\t\t<div class=\"ect-list-img\" style=\"background-image:url(&#039;https:\/\/www.globalcompact-tunisia.org\/wp-content\/uploads\/2023\/01\/468aef7e-57de-4267-9f68-dcdc7939cf19-768x1024.jpg&#039;);background-size:cover;\"><a href=\"https:\/\/www.globalcompact-tunisia.org\/index.php\/event\/la-semaine-inter-semestrielle-de-la-rse-a-linstitut-superieur-des-arts-multimedias-de-la-manouba-isamm\/\" alt=\"La semaine inter-semestrielle de la RSE \u00e0 l&rsquo;Institut Sup\u00e9rieur des arts multim\u00e9dias de la Manouba \u00ab\u00a0ISAMM\u00a0\u00bb\" rel=\"bookmark\"><div class=\"ect-list-date\"><div class=\"ect-date-area default-schedule\"><span class=\"ev-day\">16<\/span>\n\t\t\t\t\t<span class=\"ev-mo\">janvier<\/span>\n\t\t\t\t\t<span class=\"ev-yr\">2023<\/span><\/div><\/div><\/a><\/div><\/div><!-- left-post close --><div class=\"ect-list-post-right\">\n\t\t\t\t<div class=\"ect-list-post-right-table\"><div class=\"ect-list-description\"><h2 class=\"ect-list-title\"><a class=\"ect-event-url\" href=\"https:\/\/www.globalcompact-tunisia.org\/index.php\/event\/la-semaine-inter-semestrielle-de-la-rse-a-linstitut-superieur-des-arts-multimedias-de-la-manouba-isamm\/\" rel=\"bookmark\">La semaine inter-semestrielle de la RSE \u00e0 l&rsquo;Institut Sup\u00e9rieur des arts multim\u00e9dias de la Manouba \u00ab\u00a0ISAMM\u00a0\u00bb<\/a><\/h2><!-- Event Content --><div class=\"ect-event-content\"><p>T\u00e9moignage de M. Sami Marrouki Pr\u00e9sident du R\u00e9seau Pacte Mondial Tunisie \u00e0 L'INSTITUT SUPERIEUR DES ARTS MULTIMEDIAS DE LA MANOUBA \"ISAMM\" \u00e0 l\u2019occasion de de la semaine inter-semestrielle de la RSE, Lundi 16 janvier 2023.<\/p>\n<\/div><a href=\"https:\/\/www.globalcompact-tunisia.org\/index.php\/event\/la-semaine-inter-semestrielle-de-la-rse-a-linstitut-superieur-des-arts-multimedias-de-la-manouba-isamm\/\" class=\"ect-events-read-more\" rel=\"bookmark\">Find out more<\/a><\/div><div class=\"ect-list-venue default-venue\"><span class=\"ect-icon\"><i class=\"ect-icon-location\"><\/i><\/span><!-- Event Venue Info -->\n\t\t\t\t\t\t\t<span class=\"ect-venue-details ect-address\">\n\t\t\t\t\t\t\t<div>institut sup\u00e9rieru des arts multim\u00e9deia de la manouba,<span class=\"tribe-address\">\r\n\r\n<span class=\"tribe-street-address\">Manouba<\/span>\r\n\t\r\n\t\t<br>\r\n\t\t<span class=\"tribe-locality\">Tunisie<\/span><span class=\"tribe-delimiter\">,<\/span>\r\n\r\n\r\n\r\n\t<span class=\"tribe-country-name\">Tunisie<\/span>\r\n\r\n<\/span>\r\n<\/div><span class=\"ect-google\"><a class=\"tribe-events-gmap\" href=\"https:\/\/maps.google.com\/maps?f=q&#038;source=s_q&#038;hl=en&#038;geocode=&#038;q=Manouba+Tunisie+Tunisie\" title=\"Cliquez pour voir une carte Google Map\" target=\"_blank\" rel=\"noreferrer noopener\">+ Google Map<\/a><\/span><\/span><\/div><\/div><\/div><!-- right-wrapper close --><\/div><!-- event-loop-end --><div id=\"event-8925\" class=\"ect-list-post style-1 ect-simple-event past\"><div class=\"ect-list-post-left \">\n\t\t\t\t<div class=\"ect-list-img\" style=\"background-image:url(&#039;https:\/\/www.globalcompact-tunisia.org\/wp-content\/uploads\/2021\/06\/2022_Uniting_Business_Africa_-_Twitter_EN_-_v1-1024x576.png&#039;);background-size:cover;\"><a href=\"https:\/\/www.globalcompact-tunisia.org\/index.php\/event\/uniting-business-africa\/\" alt=\"Uniting Business Africa\" rel=\"bookmark\"><div class=\"ect-list-date\"><div class=\"ect-date-area default-schedule\"><span class=\"ev-day\">04<\/span>\n\t\t\t\t\t<span class=\"ev-mo\">novembre<\/span>\n\t\t\t\t\t<span class=\"ev-yr\">2022<\/span><\/div><\/div><\/a><\/div><\/div><!-- left-post close --><div class=\"ect-list-post-right\">\n\t\t\t\t<div class=\"ect-list-post-right-table\"><div class=\"ect-list-description\" style=\"width:100%;\"><h2 class=\"ect-list-title\"><a class=\"ect-event-url\" href=\"https:\/\/www.globalcompact-tunisia.org\/index.php\/event\/uniting-business-africa\/\" rel=\"bookmark\">Uniting Business Africa<\/a><\/h2><!-- Event Content --><div class=\"ect-event-content\"><p>Comment le secteur priv\u00e9 peut-il acc\u00e9l\u00e9rer et soutenir\u00a0#ClimateChange\u00a0initiatives \u00e0 travers le continent\u2753 africain \u00c0\u00a0#COP27, rejoignez\u00a0#UnitingBusiness\u00a0Africa pour entendre les dirigeants africains et mondiaux sur les moyens de mobiliser les entreprises pour avoir un impact. Pour en savoir plus :\u00a0https:\/\/lnkd.in\/eCwx3hwv<\/p>\n<\/div><a href=\"https:\/\/www.globalcompact-tunisia.org\/index.php\/event\/uniting-business-africa\/\" class=\"ect-events-read-more\" rel=\"bookmark\">Find out more<\/a><\/div><\/div><\/div><!-- right-wrapper close --><\/div><!-- event-loop-end --><div id=\"event-3506\" class=\"ect-list-post style-1 ect-simple-event past\"><div class=\"ect-list-post-left \">\n\t\t\t\t<div class=\"ect-list-img\" style=\"background-image:url(&#039;https:\/\/www.globalcompact-tunisia.org\/wp-content\/uploads\/2022\/05\/Cover-illustration-1024x480.jpg&#039;);background-size:cover;\"><a href=\"https:\/\/www.globalcompact-tunisia.org\/index.php\/event\/lautonomisation-des-femmes-une-responsabilite-societale-des-organisations\/\" alt=\"L&rsquo;autonomisation des femmes Une responsabilit\u00e9 soci\u00e9tale des organisations\" rel=\"bookmark\"><div class=\"ect-list-date\"><div class=\"ect-date-area default-schedule\"><span class=\"ev-day\">17<\/span>\n\t\t\t\t\t<span class=\"ev-mo\">mai<\/span>\n\t\t\t\t\t<span class=\"ev-yr\">2022<\/span><\/div><\/div><\/a><\/div><\/div><!-- left-post close --><div class=\"ect-list-post-right\">\n\t\t\t\t<div class=\"ect-list-post-right-table\"><div class=\"ect-list-description\" style=\"width:100%;\"><h2 class=\"ect-list-title\"><a class=\"ect-event-url\" href=\"https:\/\/www.globalcompact-tunisia.org\/index.php\/event\/lautonomisation-des-femmes-une-responsabilite-societale-des-organisations\/\" rel=\"bookmark\">L&rsquo;autonomisation des femmes Une responsabilit\u00e9 soci\u00e9tale des organisations<\/a><\/h2><!-- Event Content --><div class=\"ect-event-content\"><p>Le Centre de la Femme Arabe pour la Formation et la Recherche (CAWTAR) souhaite documenter et publier des \u00e9tudes sur les d\u00e9marches d\u2019autonomisation des femmes et d\u2019\u00e9galit\u00e9 des genres des entreprises en Tunisie, et s\u2019est adress\u00e9 au R\u00e9seau Pacte Mondial Tunisie afin d\u2019identifier et de prendre connaissance des d\u00e9marches des organismes adh\u00e9rents du r\u00e9seau et [&hellip;]<\/p>\n<\/div><a href=\"https:\/\/www.globalcompact-tunisia.org\/index.php\/event\/lautonomisation-des-femmes-une-responsabilite-societale-des-organisations\/\" class=\"ect-events-read-more\" rel=\"bookmark\">Find out more<\/a><\/div><\/div><\/div><!-- right-wrapper close --><\/div><!-- event-loop-end --><div id=\"event-3455\" class=\"ect-list-post style-1 ect-simple-event past\"><div class=\"ect-list-post-left \">\n\t\t\t\t<div class=\"ect-list-img\" style=\"background-image:url(&#039;https:\/\/www.globalcompact-tunisia.org\/wp-content\/uploads\/2022\/05\/FB_IMG_1647696499071-1024x683.jpg&#039;);background-size:cover;\"><a href=\"https:\/\/www.globalcompact-tunisia.org\/index.php\/event\/participation-du-reseau-pacte-mondial-tunisie-dans-le-tournoi-first-card-cup-pour-sensibiliser-les-jeunes-aux-objectifs-de-developpement-durables\/\" alt=\"Participation du r\u00e9seau Pacte Mondial Tunisie dans le tournoi \u201cFIRST CARD CUP\u201d pour sensibiliser les jeunes aux Objectifs de D\u00e9veloppement Durables\" rel=\"bookmark\"><div class=\"ect-list-date\"><div class=\"ect-date-area default-schedule\"><span class=\"ev-day\">17<\/span>\n\t\t\t\t\t<span class=\"ev-mo\">mars<\/span>\n\t\t\t\t\t<span class=\"ev-yr\">2022<\/span><\/div><\/div><\/a><\/div><\/div><!-- left-post close --><div class=\"ect-list-post-right\">\n\t\t\t\t<div class=\"ect-list-post-right-table\"><div class=\"ect-list-description\" style=\"width:100%;\"><h2 class=\"ect-list-title\"><a class=\"ect-event-url\" href=\"https:\/\/www.globalcompact-tunisia.org\/index.php\/event\/participation-du-reseau-pacte-mondial-tunisie-dans-le-tournoi-first-card-cup-pour-sensibiliser-les-jeunes-aux-objectifs-de-developpement-durables\/\" rel=\"bookmark\">Participation du r\u00e9seau Pacte Mondial Tunisie dans le tournoi \u201cFIRST CARD CUP\u201d pour sensibiliser les jeunes aux Objectifs de D\u00e9veloppement Durables<\/a><\/h2><!-- Event Content --><div class=\"ect-event-content\"><p>Participation du r\u00e9seau Pacte Mondial Tunisie dans le tournoi \u201cFIRST CARD CUP\u201d, un \u00e9v\u00e9nement sportif, organis\u00e9 le 17 Mars 2022 Ce tournoi a \u00e9t\u00e9 l\u2019opportunit\u00e9 d\u2019organiser au profit des jeunes sportifs, des actions de sensibilisation aux th\u00e8mes relevant du D\u00e9veloppement durable et de la nutrition. La premi\u00e8re action de pr\u00e9sentation et de promotion des Objectifs [&hellip;]<\/p>\n<\/div><a href=\"https:\/\/www.globalcompact-tunisia.org\/index.php\/event\/participation-du-reseau-pacte-mondial-tunisie-dans-le-tournoi-first-card-cup-pour-sensibiliser-les-jeunes-aux-objectifs-de-developpement-durables\/\" class=\"ect-events-read-more\" rel=\"bookmark\">Find out more<\/a><\/div><\/div><\/div><!-- right-wrapper close --><\/div><!-- event-loop-end --><div id=\"event-3471\" class=\"ect-list-post style-1 ect-simple-event past\"><div class=\"ect-list-post-left \">\n\t\t\t\t<div class=\"ect-list-img\" style=\"background-image:url(&#039;https:\/\/www.globalcompact-tunisia.org\/wp-content\/uploads\/2022\/05\/800600.jpg&#039;);background-size:cover;\"><a href=\"https:\/\/www.globalcompact-tunisia.org\/index.php\/event\/participation-a-la-conference-le-role-des-femmes-arabes-dans-la-realisation-des-odds-etat-actuel-et-perspectives-davenir\/\" alt=\"Participation \u00e0 la conf\u00e9rence \u201cLe r\u00f4le des femmes Arabes dans la r\u00e9alisation des ODDs : Etat Actuel et perspectives d\u2019avenir \u201d\" rel=\"bookmark\"><div class=\"ect-list-date\"><div class=\"ect-date-area default-schedule\"><span class=\"ev-day\">08<\/span>\n\t\t\t\t\t<span class=\"ev-mo\">mars<\/span>\n\t\t\t\t\t<span class=\"ev-yr\">2022<\/span><\/div><\/div><\/a><\/div><\/div><!-- left-post close --><div class=\"ect-list-post-right\">\n\t\t\t\t<div class=\"ect-list-post-right-table\"><div class=\"ect-list-description\" style=\"width:100%;\"><h2 class=\"ect-list-title\"><a class=\"ect-event-url\" href=\"https:\/\/www.globalcompact-tunisia.org\/index.php\/event\/participation-a-la-conference-le-role-des-femmes-arabes-dans-la-realisation-des-odds-etat-actuel-et-perspectives-davenir\/\" rel=\"bookmark\">Participation \u00e0 la conf\u00e9rence \u201cLe r\u00f4le des femmes Arabes dans la r\u00e9alisation des ODDs : Etat Actuel et perspectives d\u2019avenir \u201d<\/a><\/h2><!-- Event Content --><div class=\"ect-event-content\"><p>Participation \u00e0 la conf\u00e9rence \u201cLe r\u00f4le des femmes Arabes dans la r\u00e9alisation des ODDs : Etat Actuel et perspectives d\u2019avenir \u201d Mod\u00e9ration du 1 er Panel \u00ab\u00a0l\u2019ODD 5 Acc\u00e9l\u00e9rateur de Changement \u00bb T\u00e9moignage de 2 membres du r\u00e9seau ; Orange Tunisie \u00e0 la session 2 : Exp\u00e9riences et programmes d\u2019appui \u00e0 l\u2019entrepreneuriat f\u00e9minin en Tunisie [&hellip;]<\/p>\n<\/div><a href=\"https:\/\/www.globalcompact-tunisia.org\/index.php\/event\/participation-a-la-conference-le-role-des-femmes-arabes-dans-la-realisation-des-odds-etat-actuel-et-perspectives-davenir\/\" class=\"ect-events-read-more\" rel=\"bookmark\">Find out more<\/a><\/div><\/div><\/div><!-- right-wrapper close --><\/div><!-- event-loop-end --><div id=\"event-3464\" class=\"ect-list-post style-1 ect-simple-event past\"><div class=\"ect-list-post-left \">\n\t\t\t\t<div class=\"ect-list-img\" style=\"background-image:url(&#039;https:\/\/www.globalcompact-tunisia.org\/wp-content\/uploads\/2022\/05\/Wenercon-2022-AF-1024x704.jpg&#039;);background-size:cover;\"><a href=\"https:\/\/www.globalcompact-tunisia.org\/index.php\/event\/participation-du-reseau-pacte-mondial-tunisie-wenercon-2022-banque-durable-acces-a-la-finance-verte-pour-les-pme-bef-conference-organise-par-aptbef-peco-energy\/\" alt=\"Participation du r\u00e9seau Pacte Mondial Tunisie WENERCON 2022 \u00ab\u00a0BANQUE DURABLE &#038; ACC\u00c8S \u00c0 LA FINANCE VERTE POUR LES PME &#038; BEF\u00a0\u00bb conf\u00e9rence organis\u00e9 par APTBEF-PECO ENERGY\" rel=\"bookmark\"><div class=\"ect-list-date\"><div class=\"ect-date-area default-schedule\"><span class=\"ev-day\">22<\/span>\n\t\t\t\t\t<span class=\"ev-mo\">f\u00e9vrier<\/span>\n\t\t\t\t\t<span class=\"ev-yr\">2022<\/span><\/div><\/div><\/a><\/div><\/div><!-- left-post close --><div class=\"ect-list-post-right\">\n\t\t\t\t<div class=\"ect-list-post-right-table\"><div class=\"ect-list-description\" style=\"width:100%;\"><h2 class=\"ect-list-title\"><a class=\"ect-event-url\" href=\"https:\/\/www.globalcompact-tunisia.org\/index.php\/event\/participation-du-reseau-pacte-mondial-tunisie-wenercon-2022-banque-durable-acces-a-la-finance-verte-pour-les-pme-bef-conference-organise-par-aptbef-peco-energy\/\" rel=\"bookmark\">Participation du r\u00e9seau Pacte Mondial Tunisie WENERCON 2022 \u00ab\u00a0BANQUE DURABLE &#038; ACC\u00c8S \u00c0 LA FINANCE VERTE POUR LES PME &#038; BEF\u00a0\u00bb conf\u00e9rence organis\u00e9 par APTBEF-PECO ENERGY<\/a><\/h2><!-- Event Content --><div class=\"ect-event-content\"><p>Cette conf\u00e9rence a r\u00e9uni plus de 200 participants repr\u00e9sentant le gouvernement, le secteur industriel, les professionnels des PME, les experts financiers et les acteurs potentiels du secteur bancaire (banques publiques, priv\u00e9es et soci\u00e9t\u00e9s de cr\u00e9dit-bail) en Tunisie pour discuter du financement de l'att\u00e9nuation du changement climatique et l'adaptation.<\/p>\n<\/div><a href=\"https:\/\/www.globalcompact-tunisia.org\/index.php\/event\/participation-du-reseau-pacte-mondial-tunisie-wenercon-2022-banque-durable-acces-a-la-finance-verte-pour-les-pme-bef-conference-organise-par-aptbef-peco-energy\/\" class=\"ect-events-read-more\" rel=\"bookmark\">Find out more<\/a><\/div><\/div><\/div><!-- right-wrapper close --><\/div><!-- event-loop-end --><div id=\"event-3459\" class=\"ect-list-post style-1 ect-simple-event past\"><div class=\"ect-list-post-left \">\n\t\t\t\t<div class=\"ect-list-img\" style=\"background-image:url(&#039;https:\/\/www.globalcompact-tunisia.org\/wp-content\/uploads\/2021\/06\/Tunisia_logo_socialmedia.png&#039;);background-size:cover;\"><a href=\"https:\/\/www.globalcompact-tunisia.org\/index.php\/event\/rencontre-avec-le-pfcc-et-lequipe-de-lunite-nationale-de-coordination-sur-les-changements-climatiques\/\" alt=\"Rencontre avec le PFCC et l\u2019\u00e9quipe de l\u2019Unit\u00e9 Nationale de Coordination sur les Changements Climatiques\" rel=\"bookmark\"><div class=\"ect-list-date\"><div class=\"ect-date-area default-schedule\"><span class=\"ev-day\">17<\/span>\n\t\t\t\t\t<span class=\"ev-mo\">f\u00e9vrier<\/span>\n\t\t\t\t\t<span class=\"ev-yr\">2022<\/span><\/div><\/div><\/a><\/div><\/div><!-- left-post close --><div class=\"ect-list-post-right\">\n\t\t\t\t<div class=\"ect-list-post-right-table\"><div class=\"ect-list-description\"><h2 class=\"ect-list-title\"><a class=\"ect-event-url\" href=\"https:\/\/www.globalcompact-tunisia.org\/index.php\/event\/rencontre-avec-le-pfcc-et-lequipe-de-lunite-nationale-de-coordination-sur-les-changements-climatiques\/\" rel=\"bookmark\">Rencontre avec le PFCC et l\u2019\u00e9quipe de l\u2019Unit\u00e9 Nationale de Coordination sur les Changements Climatiques<\/a><\/h2><!-- Event Content --><div class=\"ect-event-content\"><p>Objectif principal\u00a0: concr\u00e9tiser les objectifs de la CDN Attentes de la coop\u00e9ration avec le R\u00e9seau Pacte Mondial Tunisie\u00a0(RPMT) : Le r\u00e9seau serait un interlocuteur privil\u00e9gi\u00e9 du forum national des acteurs de l\u2019adaptation au changement climatique (FNAACC). Rassembler des acteurs des 5 secteurs vis\u00e9s pour initier le dialogue, informer, puis identifier les barri\u00e8res et les attentes. [&hellip;]<\/p>\n<\/div><a href=\"https:\/\/www.globalcompact-tunisia.org\/index.php\/event\/rencontre-avec-le-pfcc-et-lequipe-de-lunite-nationale-de-coordination-sur-les-changements-climatiques\/\" class=\"ect-events-read-more\" rel=\"bookmark\">Find out more<\/a><\/div><div class=\"ect-list-venue default-venue\"><span class=\"ect-icon\"><i class=\"ect-icon-location\"><\/i><\/span><!-- Event Venue Info -->\n\t\t\t\t\t\t\t<span class=\"ect-venue-details ect-address\">\n\t\t\t\t\t\t\t<div>minist\u00e8re de l&rsquo;environnement,<span class=\"tribe-address\">\r\n\r\n\r\n\r\n\r\n\r\n\t<span class=\"tribe-country-name\">Tunisie<\/span>\r\n\r\n<\/span>\r\n<\/div><span class=\"ect-google\"><a class=\"tribe-events-gmap\" href=\"https:\/\/maps.google.com\/maps?f=q&#038;source=s_q&#038;hl=en&#038;geocode=&#038;q=Tunisie\" title=\"Cliquez pour voir une carte Google Map\" target=\"_blank\" rel=\"noreferrer noopener\">+ Google Map<\/a><\/span><\/span><\/div><\/div><\/div><!-- right-wrapper close --><\/div><!-- event-loop-end --><div id=\"event-2996\" class=\"ect-list-post style-1 ect-simple-event past\"><div class=\"ect-list-post-left \">\n\t\t\t\t<div class=\"ect-list-img\" style=\"background-image:url(&#039;https:\/\/www.globalcompact-tunisia.org\/wp-content\/plugins\/template-events-calendar\/assets\/images\/event-template-bg.png&#039;);background-size:cover;\"><a href=\"https:\/\/www.globalcompact-tunisia.org\/index.php\/event\/la-finance-durable-enjeux-etat-des-lieux-vision-pour-le-futur\/\" alt=\"La finance durable : Enjeux, \u00e9tat des lieux, vision pour le futur\" rel=\"bookmark\"><div class=\"ect-list-date\"><div class=\"ect-date-area default-schedule\"><span class=\"ev-day\">25<\/span>\n\t\t\t\t\t<span class=\"ev-mo\">novembre<\/span>\n\t\t\t\t\t<span class=\"ev-yr\">2021<\/span><\/div><\/div><\/a><\/div><\/div><!-- left-post close --><div class=\"ect-list-post-right\">\n\t\t\t\t<div class=\"ect-list-post-right-table\"><div class=\"ect-list-description\"><h2 class=\"ect-list-title\"><a class=\"ect-event-url\" href=\"https:\/\/www.globalcompact-tunisia.org\/index.php\/event\/la-finance-durable-enjeux-etat-des-lieux-vision-pour-le-futur\/\" rel=\"bookmark\">La finance durable : Enjeux, \u00e9tat des lieux, vision pour le futur<\/a><\/h2><!-- Event Content --><div class=\"ect-event-content\"><p>Pr\u00e9senter et recueillir des informations sur l\u2019\u00e9tat des lieux et la pratique de la finance durable dans le monde et en Tunisie, \u00e0 travers des initiatives telles que la feuille de route \u00e9tablie par l'OCDE et le PNUD afin d'aligner la finance sur l'atteinte des ODD, le r\u00e9seau NGFS (banques centrales), le Sustainable Stock Exchange, les pratiques de groupes internationaux<br \/>\n\u2022 Partager des propositions pr\u00e9sent\u00e9es par les participants (\u00e9tat des lieux, d\u00e9clinaison de crit\u00e8res ESG pour les activit\u00e9s et les cha\u00eenes de valeur, prise en compte des risques climat et des risques sociaux pour l\u2019investissement, prise en compte des ODD par les \u00e9tablissements financiers, comment, mesure de l\u2019impact, reporting, etc.\u2026)<br \/>\n\u2022 Susciter l\u2019engagement des investisseurs, des entreprises, du public, pour la finance durable (entre autres le financement de l\u2019Agenda 2030 et au-del\u00e0, la cr\u00e9ation et la prise d\u2019obligations vertes ou solidaires)<br \/>\n\u2022 Susciter des partenariats, des collaborations, \u00e9ventuellement la cr\u00e9ation d\u2019enseignements ou de chaires sp\u00e9cifiques dans les fili\u00e8res universitaires li\u00e9es \u00e0 la finance, les \u00e9coles d\u2019ing\u00e9nieurs, de commerce, etc...<br \/>\n\u2022 Identifier les besoins en formations li\u00e9es aux enjeux de la finance durable pour le secteur bancaire (exemples : formation GRI, SGES \u2026etc.) <\/p>\n<\/div><a href=\"https:\/\/www.globalcompact-tunisia.org\/index.php\/event\/la-finance-durable-enjeux-etat-des-lieux-vision-pour-le-futur\/\" class=\"ect-events-read-more\" rel=\"bookmark\">Find out more<\/a><\/div><div class=\"ect-list-venue default-venue\"><span class=\"ect-icon\"><i class=\"ect-icon-location\"><\/i><\/span><!-- Event Venue Info -->\n\t\t\t\t\t\t\t<span class=\"ect-venue-details ect-address\">\n\t\t\t\t\t\t\t<div>H\u00f4tel Lac L\u00e9man Lac 1,<span class=\"tribe-address\">\r\n\r\n\r\n\r\n\r\n\r\n\t<span class=\"tribe-country-name\">Tunisie<\/span>\r\n\r\n<\/span>\r\n<\/div><span class=\"ect-google\"><a class=\"tribe-events-gmap\" href=\"https:\/\/maps.google.com\/maps?f=q&#038;source=s_q&#038;hl=en&#038;geocode=&#038;q=Tunisie\" title=\"Cliquez pour voir une carte Google Map\" target=\"_blank\" rel=\"noreferrer noopener\">+ Google Map<\/a><\/span><\/span><\/div><\/div><\/div><!-- right-wrapper close --><\/div><!-- event-loop-end --><div id=\"event-2296\" class=\"ect-list-post style-1 ect-simple-event past\"><div class=\"ect-list-post-left \">\n\t\t\t\t<div class=\"ect-list-img\" style=\"background-image:url(&#039;https:\/\/www.globalcompact-tunisia.org\/wp-content\/uploads\/2021\/05\/3-1024x769.jpg&#039;);background-size:cover;\"><a href=\"https:\/\/www.globalcompact-tunisia.org\/index.php\/event\/reunion-annuelle-du-comite-des-directeurs-du-reseau-pacte-mondial-tunisie\/\" alt=\"R\u00e9union annuelle du comit\u00e9 des directeurs du R\u00e9seau Pacte Mondial Tunisie\" rel=\"bookmark\"><div class=\"ect-list-date\"><div class=\"ect-date-area default-schedule\"><span class=\"ev-day\">01<\/span>\n\t\t\t\t\t<span class=\"ev-mo\">juin<\/span>\n\t\t\t\t\t<span class=\"ev-yr\">2021<\/span><\/div><\/div><\/a><\/div><\/div><!-- left-post close --><div class=\"ect-list-post-right\">\n\t\t\t\t<div class=\"ect-list-post-right-table\"><div class=\"ect-list-description\"><h2 class=\"ect-list-title\"><a class=\"ect-event-url\" href=\"https:\/\/www.globalcompact-tunisia.org\/index.php\/event\/reunion-annuelle-du-comite-des-directeurs-du-reseau-pacte-mondial-tunisie\/\" rel=\"bookmark\">R\u00e9union annuelle du comit\u00e9 des directeurs du R\u00e9seau Pacte Mondial Tunisie<\/a><\/h2><!-- Event Content --><div class=\"ect-event-content\"><p>Le r\u00e9seau Pacte Mondial Tunisie organise sa r\u00e9union annuelle du comit\u00e9 des directeurs.<br \/>\nDurant cette r\u00e9union, les points abord\u00e9s furent les suivants :...<\/p>\n<\/div><!-- Event Ticket Price Info -->\n                 <div class=\"ect-rate-area\">\n                 <span class=\"ect-icon\"><i class=\"ect-icon-ticket\"><\/i><\/span>\n                 <span class=\"ect-rate\">Gratuit<\/span>\n                 <\/div><a href=\"https:\/\/www.globalcompact-tunisia.org\/index.php\/event\/reunion-annuelle-du-comite-des-directeurs-du-reseau-pacte-mondial-tunisie\/\" class=\"ect-events-read-more\" rel=\"bookmark\">Find out more<\/a><\/div><div class=\"ect-list-venue default-venue\"><span class=\"ect-icon\"><i class=\"ect-icon-location\"><\/i><\/span><!-- Event Venue Info -->\n\t\t\t\t\t\t\t<span class=\"ect-venue-details ect-address\">\n\t\t\t\t\t\t\t<div>M\u00f6venpick H\u00f4tel Tunis,<span class=\"tribe-address\">\r\n\r\n\r\n\r\n\t<abbr class=\"tribe-region tribe-events-abbr\" title=\"Gammarth\">Gammarth<\/abbr>\r\n\r\n\r\n\t<span class=\"tribe-country-name\">Tunisie<\/span>\r\n\r\n<\/span>\r\n<\/div><span class=\"ect-google\"><a class=\"tribe-events-gmap\" href=\"https:\/\/maps.google.com\/maps?f=q&#038;source=s_q&#038;hl=en&#038;geocode=&#038;q=Gammarth+Tunisie\" title=\"Cliquez pour voir une carte Google Map\" target=\"_blank\" rel=\"noreferrer noopener\">+ Google Map<\/a><\/span><\/span><\/div><\/div><\/div><!-- right-wrapper close --><\/div><!-- event-loop-end --><div id=\"event-2292\" class=\"ect-list-post style-1 ect-simple-event past\"><div class=\"ect-list-post-left \">\n\t\t\t\t<div class=\"ect-list-img\" style=\"background-image:url(&#039;https:\/\/www.globalcompact-tunisia.org\/wp-content\/uploads\/2021\/05\/2-1024x683.jpg&#039;);background-size:cover;\"><a href=\"https:\/\/www.globalcompact-tunisia.org\/index.php\/event\/participation-du-reseau-pacte-mondial-tunisie-a-la-table-ronde-la-rse-quels-interets-pour-le-secteur-bancaire-organisee-par-laptbef\/\" alt=\"Participation du R\u00e9seau Pacte Mondial Tunisie \u00e0 la table ronde \u00ab  La RSE quels int\u00e9r\u00eats pour le secteur bancaire ?  \u00bb organis\u00e9e par l\u2019APTBEF\" rel=\"bookmark\"><div class=\"ect-list-date\"><div class=\"ect-date-area default-schedule\"><span class=\"ev-day\">25<\/span>\n\t\t\t\t\t<span class=\"ev-mo\">mars<\/span>\n\t\t\t\t\t<span class=\"ev-yr\">2021<\/span><\/div><\/div><\/a><\/div><\/div><!-- left-post close --><div class=\"ect-list-post-right\">\n\t\t\t\t<div class=\"ect-list-post-right-table\"><div class=\"ect-list-description\"><h2 class=\"ect-list-title\"><a class=\"ect-event-url\" href=\"https:\/\/www.globalcompact-tunisia.org\/index.php\/event\/participation-du-reseau-pacte-mondial-tunisie-a-la-table-ronde-la-rse-quels-interets-pour-le-secteur-bancaire-organisee-par-laptbef\/\" rel=\"bookmark\">Participation du R\u00e9seau Pacte Mondial Tunisie \u00e0 la table ronde \u00ab  La RSE quels int\u00e9r\u00eats pour le secteur bancaire ?  \u00bb organis\u00e9e par l\u2019APTBEF<\/a><\/h2><!-- Event Content --><div class=\"ect-event-content\"><p>En collaboration avec L\u2019Association Professionnelle des Banques et des Etablissements Financiers, le R\u00e9seau Pacte Mondial Tunisie a anim\u00e9 une table ronde afin de...<\/p>\n<\/div><a href=\"https:\/\/www.globalcompact-tunisia.org\/index.php\/event\/participation-du-reseau-pacte-mondial-tunisie-a-la-table-ronde-la-rse-quels-interets-pour-le-secteur-bancaire-organisee-par-laptbef\/\" class=\"ect-events-read-more\" rel=\"bookmark\">Find out more<\/a><\/div><div class=\"ect-list-venue default-venue\"><span class=\"ect-icon\"><i class=\"ect-icon-location\"><\/i><\/span><!-- Event Venue Info -->\n\t\t\t\t\t\t\t<span class=\"ect-venue-details ect-address\">\n\t\t\t\t\t\t\t<div>M\u00f6venpick H\u00f4tel Tunis,<span class=\"tribe-address\">\r\n\r\n\r\n\r\n\t<abbr class=\"tribe-region tribe-events-abbr\" title=\"Gammarth\">Gammarth<\/abbr>\r\n\r\n\r\n\t<span class=\"tribe-country-name\">Tunisie<\/span>\r\n\r\n<\/span>\r\n<\/div><span class=\"ect-google\"><a class=\"tribe-events-gmap\" href=\"https:\/\/maps.google.com\/maps?f=q&#038;source=s_q&#038;hl=en&#038;geocode=&#038;q=Gammarth+Tunisie\" title=\"Cliquez pour voir une carte Google Map\" target=\"_blank\" rel=\"noreferrer noopener\">+ Google Map<\/a><\/span><\/span><\/div><\/div><\/div><!-- right-wrapper close --><\/div><!-- event-loop-end --><\/div><\/div>\n<\/div>\n\t\t<\/div><\/div><\/div><\/div><\/div>","protected":false},"excerpt":{"rendered":"<p>There are no upcoming events at this time 16 janvier 2023 La semaine inter-semestrielle de la RSE \u00e0 l&rsquo;Institut Sup\u00e9rieur des arts multim\u00e9dias de la Manouba \u00ab\u00a0ISAMM\u00a0\u00bbT\u00e9moignage de M. Sami Marrouki Pr\u00e9sident du R\u00e9seau Pacte Mondial Tunisie \u00e0 L&rsquo;INSTITUT SUPERIEUR DES ARTS MULTIMEDIAS DE LA MANOUBA \u00ab\u00a0ISAMM\u00a0\u00bb \u00e0 l\u2019occasion de de la semaine inter-semestrielle de [&hellip;]<\/p>\n","protected":false},"author":1,"featured_media":0,"parent":0,"menu_order":0,"comment_status":"closed","ping_status":"closed","template":"","meta":{"_price":"","_stock":"","_tribe_ticket_header":"","_tribe_default_ticket_provider":"","_tribe_ticket_capacity":"","_ticket_start_date":"","_ticket_end_date":"","_tribe_ticket_show_description":"","_tribe_ticket_show_not_going":false,"_tribe_ticket_use_global_stock":"","_tribe_ticket_global_stock_level":"","_global_stock_mode":"","_global_stock_cap":"","_tribe_rsvp_for_event":"","_tribe_ticket_going_count":"","_tribe_ticket_not_going_count":"","_tribe_tickets_list":[],"_tribe_ticket_has_attendee_info_fields":false,"footnotes":""},"class_list":["post-2287","page","type-page","status-publish","hentry","post"],"ticketed":false,"_links":{"self":[{"href":"https:\/\/www.globalcompact-tunisia.org\/index.php\/wp-json\/wp\/v2\/pages\/2287","targetHints":{"allow":["GET"]}}],"collection":[{"href":"https:\/\/www.globalcompact-tunisia.org\/index.php\/wp-json\/wp\/v2\/pages"}],"about":[{"href":"https:\/\/www.globalcompact-tunisia.org\/index.php\/wp-json\/wp\/v2\/types\/page"}],"author":[{"embeddable":true,"href":"https:\/\/www.globalcompact-tunisia.org\/index.php\/wp-json\/wp\/v2\/users\/1"}],"replies":[{"embeddable":true,"href":"https:\/\/www.globalcompact-tunisia.org\/index.php\/wp-json\/wp\/v2\/comments?post=2287"}],"version-history":[{"count":4,"href":"https:\/\/www.globalcompact-tunisia.org\/index.php\/wp-json\/wp\/v2\/pages\/2287\/revisions"}],"predecessor-version":[{"id":2299,"href":"https:\/\/www.globalcompact-tunisia.org\/index.php\/wp-json\/wp\/v2\/pages\/2287\/revisions\/2299"}],"wp:attachment":[{"href":"https:\/\/www.globalcompact-tunisia.org\/index.php\/wp-json\/wp\/v2\/media?parent=2287"}],"curies":[{"name":"wp","href":"https:\/\/api.w.org\/{rel}","templated":true}]}}